{"id":55,"date":"2012-07-27T07:30:26","date_gmt":"2012-07-27T07:30:26","guid":{"rendered":"http:\/\/www.carmenborregopla.es\/victoria\/?page_id=55"},"modified":"2019-11-01T15:45:36","modified_gmt":"2019-11-01T15:45:36","slug":"espana-2","status":"publish","type":"page","link":"https:\/\/www.carmenborregopla.es\/victoria\/espana-2\/","title":{"rendered":"En Espa\u00f1a"},"content":{"rendered":"<p><img loading=\"lazy\" class=\"alignleft size-full wp-image-915\" title=\"52_skyline jerez. 2\" src=\"http:\/\/www.carmenborregopla.es\/victoria\/wp-content\/uploads\/2012\/07\/52_skyline-jerez.-2.png\" alt=\"\" width=\"480\" height=\"241\" srcset=\"https:\/\/www.carmenborregopla.es\/victoria\/wp-content\/uploads\/2012\/07\/52_skyline-jerez.-2.png 480w, https:\/\/www.carmenborregopla.es\/victoria\/wp-content\/uploads\/2012\/07\/52_skyline-jerez.-2-300x150.png 300w\" sizes=\"(max-width: 480px) 100vw, 480px\" \/><\/p>\n<address>\u00a0<\/address>\n<address>Muchos de los congresos en los que ha participado y de las conferencias que ha impartido Borrego Pl\u00e1 tienen que ver con la cultura del Vino de Jerez.<br \/>\nGrabado de vista de la ciudad desde una vi\u00f1a.\u00a0<\/address>\n<address>\u00a0<\/address>\n<address>\u00a0<\/address>\n<address>\u00a0<\/address>\n<address>\u00a0<\/address>\n<address>\u00a0<\/address>\n<address>\u00a0<\/address>\n<div><strong>\u00a0<\/strong><\/div>\n<ul style=\"text-align: left;\">\n<li><strong>Consejo Regulador del Xerez<\/strong>. Ponente de la C\u00e1tedra del Vino 2019. \u00abEl jerez en 1519: a las puertas de un laberinto oce\u00e1nico de especias, porcelana y seda\u00bb. Fiestas de la Vendimia, Jerez, septiembre de 2019.<\/li>\n<li><strong>Escuela de Artes de Jerez.<\/strong> Conferenciante. \u00abMujer, vino y etiquetas en el Jerez de 1900\u00bb. Jerez, febrero de 2019.<\/li>\n<li><strong>Sherry Explorers<\/strong>. Conferenciante. \u00abTr\u00e1nsitos de ida y vuelta: la anudaci\u00f3n de tres continentes\u00bb. El Puerto de Santa Mar\u00eda, octubre de 2018.<\/li>\n<li><strong>Ateneo de Jerez.<\/strong> Conferenciante.\u00a0 \u00abLa expedici\u00f3n Magallanes-Elcano: la \u00b4gambuza`de una tripulaci\u00f3n\u00bb. Fiestas de la Vendimia, Jerez, septiembre de 2018.<\/li>\n<li><strong>Asociaci\u00f3n Espa\u00f1ola de Americanistas<\/strong>. Ponente en el XVIII Congreso Internacional de la Asociaci\u00f3n Espa\u00f1ola de Americanistas.\u00a0 \u201cMagallanes-ElCano: los mantenimientos de la primera vuelta al mundo\u00bb. Castell\u00f3n, julio de 2018.<\/li>\n<li><strong>Bodega Williams &amp; Humbert.<\/strong> Conferenciante. \u00abTr\u00e1nsitos de ida y vuelta: la anudaci\u00f3n de tres continentes\u00bb. Jerez, abril 2018.<\/li>\n<li><strong>Academia Hispano Americana de Ciencias, Artes y Letras<\/strong>. Conferenciante.\u00bbAquellas naos que en 1500 iban camino del verdinegro Atl\u00e1ntico\u00bb. C\u00e1diz, marzo de 2018.<\/li>\n<li><strong>Ateneo de Jerez.<\/strong> Conferenciante. \u00abC\u00e1diz: Casa de contratacion y vino de Jerez: 1717-1750\u00bb. Jerez, noviembre de 2017.<\/li>\n<li><strong>Asociaci\u00f3n jerezana de Amigos del Archivo.<\/strong> Conferencia inaugural. \u00abJerez, Extremadura y Chile en el XVI: sinergias en tierras de extremos. Jerez, septiembre de 2017.<\/li>\n<li><strong>II Congreso Internacional sobre la Primera Vuelta al Mundo.<\/strong>\u00a0Conferenciante. \u00abLa tierra era redonda: revoluciones e intercambios en la alimentaci\u00f3n entre dos mundos\u00bb. Sanl\u00facar de Barrameda, septiembre de 2017.<\/li>\n<li><strong>Bodegas Maestro Sierra<\/strong>. Conferencia Fiestas de la Vendimia. \u00abC\u00e1diz: Casa de contratacion y vino de Jerez: 1717-1750\u00bb. Jerez, septiembre de 2017.<\/li>\n<li><strong>Sherry Explorers.<\/strong> Conferenciante. \u00abPaisaje y paisanaje de Jerez a Indias\u00bb. El Puerto de Santa Mar\u00eda, junio de 2017.<\/li>\n<li><strong>Asociaci\u00f3n Espa\u00f1ola de Americanistas.<\/strong>\u00a0Conferenciante. IX Simposio Internacional Am\u00e9rica y el Mar.\u00a0Vino y singladura atl\u00e1ntica en la comarca gaditana del XVIII. C\u00e1diz, junio de 2017.<\/li>\n<li><strong>Ateneo de Jerez.<\/strong> Conferenciante. \u00abEl jerez a mediados del siglo XIX: una mirada retrospectiva\u00bb. Jerez, noviembre de 2016.<\/li>\n<li><\/li>\n<li><strong>Ateneo Jerezano. \u00a0<\/strong>Conferenciante. \u00abEl comercio del Jerez en el siglo XIX: la visi\u00f3n de un hombre de su tiempo\u00bb. Jerez, noviembre 2015.<\/li>\n<\/ul>\n<ul style=\"text-align: left;\">\n<li><strong>Ateneo Jerezano. <\/strong>Conferenciante. \u00abMujer, vino y etiquetas en el Jerez de 1900\u00bb. Jerez, noviembre 2014.<\/li>\n<\/ul>\n<ul style=\"text-align: left;\">\n<li><strong>\u00abConmemoraci\u00f3n del 750 aniversario de la incorporaci\u00f3n de Jerez a la corona de Castilla 1264-2014\u00bb. <\/strong>Asistente. Jerez, 2014.<\/li>\n<\/ul>\n<ul style=\"text-align: left;\">\n<li><strong>Congreso Internacional El Pac\u00edfico, 1513-2013.<\/strong> Ponente, \u00abHueste, cepa y vino en el Chile indiano\u00bb. Sevilla, 2013.<\/li>\n<\/ul>\n<ul style=\"text-align: left;\">\n<li><strong>Ateneo Jerezano.\u00a0<\/strong>Conferenciante. \u00abLos indianos en Jerez\u00bb. Jerez, noviembre 2012.<\/li>\n<\/ul>\n<ul style=\"text-align: left;\">\n<li><strong>\u00abAteneo y Forum\u00bb de la Asociaci\u00f3n de Empresas Familiares de Andaluc\u00eda.\u00a0<\/strong>Conferenciante. \u00abEl valor de la tradici\u00f3n en la empresa familiar. Sevilla, octubre 2012.<\/li>\n<\/ul>\n<ul style=\"text-align: left;\">\n<li><strong>Fiestas de la Vendimia de Jerez.\u00a0<\/strong>Conferenciante en la bodega El Maestro Sierra. \u00ab1812: capitales indianos en las bodegas de Jerez\u00bb. Jerez, septiembre 2012.<\/li>\n<\/ul>\n<ul style=\"text-align: left;\">\n<li><strong>I Congreso Internacional sobre temas americanista.\u00a0<\/strong>Ponente. \u00abDibulla: el desencanto de un pueblo\u00bb. Sevilla. 2012<\/li>\n<\/ul>\n<ul style=\"text-align: left;\">\n<li><strong>XV Congreso Internacional de la Asocaici\u00f3n Espa\u00f1ola de Americanistas. \u00abAm\u00e9rica en la memoria: conmemoraciones y reencuentros\u00bb.\u00a0<\/strong>Ponente. Deusto (Vizcaya), 2012<\/li>\n<\/ul>\n<ul style=\"text-align: left;\">\n<li><strong>Simposio Internacional. Am\u00e9rica: poder, conflicto y pol\u00edtica<\/strong>. Ponente.<strong>\u00a0<\/strong>Barcelona, 2011.<\/li>\n<\/ul>\n<ul style=\"text-align: left;\">\n<li><strong>Seminario de Intercambios Comerciales, Sociales y Culturales entre Andaluc\u00eda y Am\u00e9rica<\/strong>. Ponente.<strong>\u00a0<\/strong>Sevilla, 2010.<\/li>\n<\/ul>\n<ul style=\"text-align: left;\">\n<li><strong>XV Jornadas de Historias de Jerez. \u201cEl ager ceretanus\u201d: de las leyendas a la realidad hist\u00f3rica<\/strong>. Ponente.\u00a0Jerez de la Frontera (C\u00e1diz), 2009.<\/li>\n<\/ul>\n<ul style=\"text-align: left;\">\n<li><strong>La Constituci\u00f3n gaditana de 1812 y sus repercusiones en Am\u00e9rica<\/strong>. Ponente.<strong>\u00a0<\/strong>C\u00e1diz, 2009.<\/li>\n<\/ul>\n<ul style=\"text-align: left;\">\n<li><strong>Municipio Indiano: Relaciones inter\u00e9tnicas, econ\u00f3micas y sociales<\/strong>. Ponente.<strong>\u00a0<\/strong>Sevilla, 2008.<\/li>\n<\/ul>\n<ul style=\"text-align: left;\">\n<li><strong>XII Congreso de la Asociaci\u00f3n de Americanistas<\/strong>.\u00a0Ponente<strong><br \/>\n<\/strong>Huelva, 2007.<\/li>\n<\/ul>\n<ul style=\"text-align: left;\">\n<li><strong>52 Congreso Internacional de Americanistas<\/strong>. Ponente<strong><br \/>\n<\/strong>Sevilla, 2006.<\/li>\n<li><strong>Jornadas sobre las \u00e9lites hispanoamericanas en M\u00e9xico y Caribe. <\/strong>Ponente.\u00a0Sevilla, 2004.<\/li>\n<\/ul>\n<ul style=\"text-align: left;\">\n<li><strong>Foros de Arquitectura Industrial en Andaluc\u00eda.<\/strong> Ponente.<strong><br \/>\n<\/strong>El Puerto de Santa Mar\u00eda, 2004.<\/li>\n<\/ul>\n<ul style=\"text-align: left;\">\n<li><strong>XI Congreso Internacional sobre Descubrimientos y Cartograf\u00eda: V Centenario de la Casa de Contrataci\u00f3n<\/strong>. Ponente.<br \/>\nTordesillas (Valladolid), 2003.<\/li>\n<\/ul>\n<ul style=\"text-align: left;\">\n<li><strong>Congreso Internacional 500 A\u00f1os de la Fundaci\u00f3n de la Casa de Contrataci\u00f3n de Sevilla.<\/strong> Ponente.\u00a0Sevilla, 2003.<\/li>\n<\/ul>\n<ul style=\"text-align: left;\">\n<li><strong>Relaciones sociales y pol\u00edticas entre Espa\u00f1a y Cuba: una visi\u00f3n desde la historia y el cine<\/strong>. Ponente.<br \/>\nSevilla, 2002.<\/li>\n<\/ul>\n<ul style=\"text-align: left;\">\n<li><strong>X Congreso Internacional de Historia de Am\u00e9rica<\/strong>. Ponente.<strong><br \/>\n<\/strong>Sevilla, 2002.<\/li>\n<\/ul>\n<ul style=\"text-align: left;\">\n<li><strong>Asociaci\u00f3n Espa\u00f1ola de Americanistas<\/strong>. Coordinadora y ponente.<strong><br \/>\n<\/strong>Jerez de la Frontera, 2001.<\/li>\n<\/ul>\n<ul style=\"text-align: left;\">\n<li><strong>IX Congreso Internacional de Historia de Am\u00e9rica<\/strong>. Ponente.<br \/>\nBadajoz, 2000.<\/li>\n<\/ul>\n<ul style=\"text-align: left;\">\n<li><strong>31 Congreso de Historia de Andaluc\u00eda.<\/strong> Ponente.<br \/>\nC\u00f3rdoba, 2000.<\/li>\n<\/ul>\n<ul style=\"text-align: left;\">\n<li><strong>XXXVI Curso Cuba en el 98: Las \u00faltimas campa\u00f1as.<\/strong> Ponente.<br \/>\nC\u00e1diz, 1998.<\/li>\n<\/ul>\n<ul style=\"text-align: left;\">\n<li><strong>VIII Congreso Internacional de Historia de Am\u00e9rica<\/strong>. Ponente<br \/>\nLas Palmas de Gran Canaria, 1998.<\/li>\n<\/ul>\n<ul style=\"text-align: left;\">\n<li><strong>El vino en la Antig\u00fcedad Romana<\/strong>. Asistente.<br \/>\nJerez de la Frontera (C\u00e1diz), 1996.<\/li>\n<\/ul>\n<ul style=\"text-align: left;\">\n<li><strong>I<\/strong> <strong>Seminario Espa\u00f1a\/Cuba 98: Historia, Cultura y Cine<\/strong>. Ponente.<br \/>\nSevilla, 1996.<\/li>\n<\/ul>\n<ul style=\"text-align: left;\">\n<li><strong>VII Congreso Internacional de H\u00aa de Am\u00e9rica: La Corona de Arag\u00f3n y el Nuevo Mundo.<\/strong> Ponente.\u00a0Zaragoza, 1996.<\/li>\n<\/ul>\n<ul style=\"text-align: left;\">\n<li><strong>Arqueolog\u00eda del Vino: el vino en occidente<\/strong>. Ponente.<br \/>\nJerez de la Frontera (C\u00e1diz), 1994.<\/li>\n<\/ul>\n<ul style=\"text-align: left;\">\n<li><strong>XI Coloquio Canario-Americano.<\/strong> Ponente.<br \/>\nLas Palmas de Gran Canaria, 1994.<\/li>\n<\/ul>\n<ul style=\"text-align: left;\">\n<li><strong>Jerez-X\u00e9r\u00e8s-Sherry en los tres \u00faltimos siglos<\/strong>. Asistente.<br \/>\nEl Puerto de Santa Mar\u00eda, 1994.<\/li>\n<\/ul>\n<ul style=\"text-align: left;\">\n<li><strong>II Congreso Internacional sobre caminer\u00eda hisp\u00e1nica.<\/strong>\u00a0Ponente.\u00a0Madrid- Alcal\u00e1 de Henares- Guadalajara, 1994.<\/li>\n<\/ul>\n<ul style=\"text-align: left;\">\n<li><strong>VI Congreso Internacional de H\u00aa de Am\u00e9rica. <\/strong>Ponente.<br \/>\nVitoria- Bilbao- San Sebasti\u00e1n, 1994.<\/li>\n<\/ul>\n<ul style=\"text-align: left;\">\n<li><strong>IV Congreso espa\u00f1ol de Latinoamericanistas. <\/strong>Ponente.<br \/>\nSalamanca, 1994.<\/li>\n<\/ul>\n<ul style=\"text-align: left;\">\n<li><strong>II Jornadas sobre Espa\u00f1a y las expediciones cient\u00edficas en Am\u00e9rica y Filipinas.<\/strong> Ponente.<br \/>\nMadrid, 1993.<strong><br \/>\n<\/strong><strong>I Jornadas de Demograf\u00eda Hist\u00f3rica de Andaluc\u00eda.<\/strong> Ponente.<br \/>\nC\u00e1diz, 1992.<\/li>\n<\/ul>\n<ul style=\"text-align: left;\">\n<li><strong>El Puerto, su entorno y Am\u00e9rica.<\/strong> Ponente.<br \/>\nEl Puerto de Santa Mar\u00eda, 1992.<\/li>\n<\/ul>\n<ul style=\"text-align: left;\">\n<li><strong>XI Jornadas de Andaluc\u00eda y Am\u00e9rica.<\/strong> Ponente.<br \/>\nLa R\u00e1bida (Huelva), 1992.<\/li>\n<\/ul>\n<ul style=\"text-align: left;\">\n<li><strong>V Congreso Internacional de Historia de Am\u00e9rica.<\/strong> Ponente.<br \/>\nGranada, 1992.<\/li>\n<\/ul>\n<ul style=\"text-align: left;\">\n<li><strong>V Congreso sobre nuevas poblaciones de Espa\u00f1a y Am\u00e9rica.<\/strong> Ponente.<br \/>\nLa Luisiana- Ca\u00f1ada del Rosal (Sevilla), 1992.<\/li>\n<\/ul>\n<ul style=\"text-align: left;\">\n<li><strong>Congreso Internacional de Historia del Descubrimiento.<\/strong> Ponente.<br \/>\nMadrid, 1991.<\/li>\n<\/ul>\n<ul style=\"text-align: left;\">\n<li><strong>La Virgen de los Milagros, entre la historia y la leyenda.<\/strong> Ponente.<br \/>\nEl Puerto de Santa Mar\u00eda (C\u00e1diz), 1991.<\/li>\n<\/ul>\n<ul style=\"text-align: left;\">\n<li><strong>II Congreso de Historia de Andaluc\u00eda.<\/strong> Ponente.<br \/>\nC\u00f3rdoba, 1991.<\/li>\n<\/ul>\n<ul style=\"text-align: left;\">\n<li><strong>X Jornadas de Andaluc\u00eda y Am\u00e9rica.<\/strong> Ponente.<br \/>\nLa R\u00e1bida (Huelva), 1991.<\/li>\n<\/ul>\n<ul style=\"text-align: left;\">\n<li><strong>IX Congreso Internacional de Historia de Am\u00e9rica.<\/strong> Ponente.<br \/>\nSevilla, 1990.<\/li>\n<\/ul>\n<ul style=\"text-align: left;\">\n<li><strong>Cincuenta a\u00f1os de historiograf\u00eda americanista en Espa\u00f1a (1940-1989).<\/strong> Ponente.<br \/>\nMadrid, 1989.<\/li>\n<\/ul>\n<ul style=\"text-align: left;\">\n<li><strong>IX Jornadas de Andaluc\u00eda y Am\u00e9rica.<\/strong> Ponente.<br \/>\nLa R\u00e1bida (Huelva), 1989.<\/li>\n<\/ul>\n<ul style=\"text-align: left;\">\n<li><strong>VIII Jornadas de Andaluc\u00eda y Am\u00e9rica.<\/strong> Ponente.<br \/>\nLa R\u00e1bida (Huelva), 1988.<\/li>\n<\/ul>\n<ul style=\"text-align: left;\">\n<li><strong>VII Jornadas de Andaluc\u00eda y Am\u00e9rica.<\/strong> Ponente.<br \/>\nLa R\u00e1bida (Huelva), 1987.<\/li>\n<\/ul>\n<ul style=\"text-align: left;\">\n<li><strong>Congreso Internacional de Historia de Am\u00e9rica.<\/strong> Ponente.<br \/>\nC\u00f3rdoba, 1987.<\/li>\n<\/ul>\n<ul style=\"text-align: left;\">\n<li><strong>V Jornadas de Andaluc\u00eda y Am\u00e9rica.<\/strong> Ponente.<br \/>\nLa R\u00e1bida (Huelva), 1985.<\/li>\n<\/ul>\n<ul style=\"text-align: left;\">\n<li><strong>IV Jornadas de Andaluc\u00eda y Am\u00e9rica.<\/strong> Ponente.<br \/>\nLa R\u00e1bida (Huelva), 1984.<\/li>\n<\/ul>\n<ul style=\"text-align: left;\">\n<li><strong>III Jornadas de Andaluc\u00eda y Am\u00e9rica.<\/strong> Ponente.<br \/>\nLa R\u00e1bida (Huelva), 1983.<\/li>\n<\/ul>\n<ul style=\"text-align: left;\">\n<li><strong>V Congreso Canario-americano.<\/strong> Ponente.<br \/>\nLas Palmas de Gran Canaria, 1982.<\/li>\n<\/ul>\n<ul style=\"text-align: left;\">\n<li><strong>II Jornadas de Andaluc\u00eda y Am\u00e9rica.<\/strong> Ponente.<br \/>\nLa R\u00e1bida (Huelva), 1982.<\/li>\n<\/ul>\n<ul style=\"text-align: left;\">\n<li><strong>I Jornadas de Andaluc\u00eda y Am\u00e9rica.<\/strong> Ponente.<br \/>\nLa R\u00e1bida (Huelva), 1981.<\/li>\n<\/ul>\n<ul style=\"text-align: left;\">\n<li><strong>XXXI Congreso Luso-espa\u00f1ol para el progreso de la Ciencia. <\/strong>Ponente.<strong><br \/>\n<\/strong>C\u00e1diz, 1974.<\/li>\n<\/ul>\n<ul style=\"text-align: left;\">\n<li><strong>III Jornadas Americanistas.<\/strong> Ponente.<br \/>\nValladolid, 1974.<\/li>\n<\/ul>\n","protected":false},"excerpt":{"rendered":"<p>\u00a0 Muchos de los congresos en los que ha participado y de las conferencias que ha impartido Borrego Pl\u00e1 tienen que ver con la cultura del Vino de Jerez. Grabado de vista de la ciudad desde una vi\u00f1a.\u00a0 \u00a0 \u00a0 \u00a0 \u00a0 \u00a0 \u00a0 \u00a0 Consejo Regulador del Xerez. Ponente de la C\u00e1tedra del Vino [&hellip;]<\/p>\n","protected":false},"author":1,"featured_media":0,"parent":0,"menu_order":0,"comment_status":"open","ping_status":"closed","template":"","meta":[],"_links":{"self":[{"href":"https:\/\/www.carmenborregopla.es\/victoria\/wp-json\/wp\/v2\/pages\/55"}],"collection":[{"href":"https:\/\/www.carmenborregopla.es\/victoria\/wp-json\/wp\/v2\/pages"}],"about":[{"href":"https:\/\/www.carmenborregopla.es\/victoria\/wp-json\/wp\/v2\/types\/page"}],"author":[{"embeddable":true,"href":"https:\/\/www.carmenborregopla.es\/victoria\/wp-json\/wp\/v2\/users\/1"}],"replies":[{"embeddable":true,"href":"https:\/\/www.carmenborregopla.es\/victoria\/wp-json\/wp\/v2\/comments?post=55"}],"version-history":[{"count":41,"href":"https:\/\/www.carmenborregopla.es\/victoria\/wp-json\/wp\/v2\/pages\/55\/revisions"}],"predecessor-version":[{"id":1026,"href":"https:\/\/www.carmenborregopla.es\/victoria\/wp-json\/wp\/v2\/pages\/55\/revisions\/1026"}],"wp:attachment":[{"href":"https:\/\/www.carmenborregopla.es\/victoria\/wp-json\/wp\/v2\/media?parent=55"}],"curies":[{"name":"wp","href":"https:\/\/api.w.org\/{rel}","templated":true}]}}