{"id":38,"date":"2012-07-26T10:22:42","date_gmt":"2012-07-26T10:22:42","guid":{"rendered":"http:\/\/www.carmenborregopla.es\/victoria\/?page_id=38"},"modified":"2019-11-01T12:07:50","modified_gmt":"2019-11-01T12:07:50","slug":"indias-hispanoamerica","status":"publish","type":"page","link":"https:\/\/www.carmenborregopla.es\/victoria\/indias-hispanoamerica\/","title":{"rendered":"Indias (Hispanoam\u00e9rica)"},"content":{"rendered":"<p><img loading=\"lazy\" class=\"alignleft size-full wp-image-606\" title=\"Indias (Hispanoam\u00e9rica)\" src=\"http:\/\/www.carmenborregopla.es\/victoria\/wp-content\/uploads\/2012\/07\/022b_MCBP.jpg\" alt=\"\" width=\"710\" height=\"313\" srcset=\"https:\/\/www.carmenborregopla.es\/victoria\/wp-content\/uploads\/2012\/07\/022b_MCBP.jpg 710w, https:\/\/www.carmenborregopla.es\/victoria\/wp-content\/uploads\/2012\/07\/022b_MCBP-300x132.jpg 300w\" sizes=\"(max-width: 710px) 100vw, 710px\" \/><\/p>\n<address>Detalle de la portada de la obra Cartagena de Indias, la andadura de una vida bajo la Colonia, de M\u00aa del Carmen Borrego Pl\u00e1. Tipos caracter\u00edsticos de la Cartagena colombiana del siglo XVIII.<\/address>\n<ul style=\"text-align: left;\">\n<li><strong>L: <em>Palenques de negros cimarrones en Cartagena de Indias a fines del XVII.<\/em><\/strong><br \/>\n(Tesis de Licenciatura de la autora)<br \/>\n1973, Sevilla, Escuela de Estudios Hispanoamericanos, 140 p\u00e1gs.<br \/>\nISBN 84-00-03949-1.<\/li>\n<\/ul>\n<ul style=\"text-align: left;\">\n<li><strong>CC:<\/strong> <strong><em>La sociedad en Cartagena de Indias en el siglo XVII.<\/em><\/strong><br \/>\n1976, Atti del\u00a0 XL Congreso Internacionale degli Americanisti, G\u00e9nova, Editorial Tilgher, vol.III, pp. 429-432.<\/li>\n<\/ul>\n<ul style=\"text-align: left;\">\n<li><strong>CC: \u00cdndios de encomienda en Cartagena de Indias. Siglo XVI.<\/strong><br \/>\n1978, Estudios sobre pol\u00edtica indigenista<br \/>\nValladolid, Universidad-Seminario de H0 de Am\u00e9rica, vol. III, pp. 419-430.<br \/>\nISBN 84-400-32-99-4.<\/li>\n<\/ul>\n<ul style=\"text-align: left;\">\n<li><strong>A:<\/strong>\u00a0<strong><em>La visita de Mart\u00edn Camacho a los indios bogas de Santa Marta.<\/em><\/strong><br \/>\n1981, Anuario de Estudios Hispanoamericanos, Sevilla, Escuela de Estudios Hispanoamericanos, vol. XXXVIII, pp. 271-303.<br \/>\nISSN 0210-5810.<\/li>\n<\/ul>\n<ul style=\"text-align: left;\">\n<li><strong>A:<\/strong> <strong><em>El abastecimiento de Cartagena de Indias en el siglo XVI.<\/em> <\/strong><br \/>\n1982, Temas Americanistas, Sevilla, C\u00e1tedra de H\u00aa de Am\u00e9rica, n1, pp. 2-4.<br \/>\nDep\u00f3sito Legal: SE-536-1982.<\/li>\n<\/ul>\n<ul style=\"text-align: left;\">\n<li><strong>L: <em>Cartagena de Indias en el siglo XVI.<\/em><\/strong> 1983, Sevilla, Escuela de Estudios Hispanoamericanos, 556 p\u00e1gs. ISBN 84-00-05440-7<\/li>\n<\/ul>\n<ul style=\"text-align: left;\">\n<li><strong>A:<\/strong> <strong><em>Una gran s\u00edntesis del XVI americano.<\/em><\/strong><br \/>\n1983, Temas Americanistas, Sevilla, C\u00e1tedra de H\u00aa de Am\u00e9rica, n3, pp. 31-32.<br \/>\nDep\u00f3sito Legal: SE-536-1982.<\/li>\n<\/ul>\n<ul style=\"text-align: left;\">\n<li><strong>A: <em>Mompox y el control de la boga del Magdalena.<\/em><\/strong><br \/>\n1984, Temas Americanistas, Sevilla, C\u00e1tedra de H\u00aa de Am\u00e9rica, n4, pp. 1-4.<br \/>\nDep\u00f3sito Legal: SE-536-1982.<\/li>\n<\/ul>\n<ul style=\"text-align: left;\">\n<li><strong>CC:<\/strong> <strong><em>Los chicanos, una minor\u00eda en expansi\u00f3n<\/em><\/strong><em>.\u00a0\u00a0 <\/em><br \/>\n1988, Iberoam\u00e9rica en el siglo XX<br \/>\nC\u00f3rdoba, Consejer\u00eda de Cultura-Caja de Ahorros, vol. I, pp. 133-151.<br \/>\nDep\u00f3sito Legal: SE-990-1988.<\/li>\n<\/ul>\n<ul style=\"text-align: left;\">\n<li><strong>A:<\/strong> <strong><em>Santa Marta en la \u00e9poca colonial.<\/em><\/strong><br \/>\n1990, Revista de Indias, Madrid, Consejo Superior de Investigaciones Cient\u00edficas, n1 188, pp. 183-194.<br \/>\nISSN 0034-8341.<\/li>\n<\/ul>\n<ul style=\"text-align: left;\">\n<li><strong>CC:<\/strong> <strong><em>El reparto de tierras en Cartagena de Indias bajo los Austrias.<\/em><\/strong><br \/>\n1991, Propiedad de la tierra, latifundios y movimientos campesinos<br \/>\nSevilla-Huelva, Consejer\u00eda de Agricultura y Pesca-Diputaci\u00f3n de Huelva-Caja de Ahorros de Huelva-Universidad de La R\u00e1bida, vol. I, pp.91-120.<br \/>\nISBN 84-404-8331-7.<\/li>\n<\/ul>\n<ul style=\"text-align: left;\">\n<li><strong>CC:<\/strong> <strong><em>Iberoam\u00e9rica: Dependencia econ\u00f3mica e intervencionismo.<\/em><\/strong><br \/>\n1991, vol. IV, Historia de las Am\u00e9ricas, Madrid, Alhambra Longman-Quinto Centenario-Universidad de Sevilla, pp. 113-130.<br \/>\nISBN 84-205-2155-8.<\/li>\n<\/ul>\n<ul style=\"text-align: left;\">\n<li><strong>CC:<\/strong> <strong><em>La formaci\u00f3n de las nacionalidades: El conflicto ideol\u00f3gico.(E)<\/em><\/strong><br \/>\n1991, vol. IV, Historia de las Am\u00e9ricas, Madrid, Alhambra Longman-Quinto Centenario-Universidad de Sevilla, pp. 131-147.<br \/>\nISBN 84-205-2155-8.<\/li>\n<\/ul>\n<ul style=\"text-align: left;\">\n<li><strong>CC:<\/strong> <strong><em>Evoluci\u00f3n social de Iberoam\u00e9rica en el siglo XX.<\/em><\/strong><br \/>\n1991, vol. IV, Historia de las Am\u00e9ricas, Madrid, Alhambra Longman-Quinto Centenario-Universidad de Sevilla, pp. 837-851.<br \/>\nISBN 84-205-2155-8.<\/li>\n<\/ul>\n<ul style=\"text-align: left;\">\n<li><strong>CC: <em>Las Nuevas Poblaciones de Carlos III y Cartagena de Indias. (E)<\/em><\/strong><br \/>\n1992, Europa e Iberoam\u00e9rica. Cinco siglos de intercambios<br \/>\nSevilla, Asociaci\u00f3n de Historiadores Latinoamericanos Europeos-Consejer\u00eda de Medio Ambiente, vol. I, pp 55-73.<br \/>\nISBN 84-604-1343-3.<\/li>\n<\/ul>\n<ul style=\"text-align: left;\">\n<li><strong>CC: El Cabildo de Cartagena de Indias en el Quinientos: Una adecuaci\u00f3n al caso sevillano.(A)<\/strong><br \/>\n1992, Los Cabildos andaluces y americanos. Su historia y su organizaci\u00f3n actual<br \/>\nSevilla-Huelva, Patronato Provincial Quinto Centenario-Diputaci\u00f3n de Huelva-Caja de Ahorros de Huelva-Universidad de La R\u00e1bida, pp. 301-335.<br \/>\nISBN 84-604-3004-9.<\/li>\n<\/ul>\n<ul style=\"text-align: left;\">\n<li><strong>A:<\/strong> <strong><em>Sevilla puerto y puerta de las Indias. (E, A)<\/em><\/strong><br \/>\n1992, Archivo Hispalense, Sevilla, Diputaci\u00f3n Provincial, n1 229, pp. 3-25.<br \/>\nISSN 0210-4067.<\/li>\n<\/ul>\n<ul style=\"text-align: left;\">\n<li><strong>CC:<\/strong> <strong><em>La Casa de Contrataci\u00f3n y Huelva: Facultaciones de tripulaciones a Indias hasta 1700. (E, A)<\/em><\/strong><br \/>\n1993, Huelva y Am\u00e9rica:<br \/>\nHuelva, Diputaci\u00f3n, vol. II, pp. 39-67.<br \/>\nISBN 84-86842-88-3.<\/li>\n<\/ul>\n<ul style=\"text-align: left;\">\n<li><strong>CC:<\/strong> <strong><em>La influencia de la Francia revolucionaria en M\u00e9xico: El texto constitucional de Apatzingan.<\/em><\/strong><br \/>\n1993, Am\u00e9rica Latina ante la Revoluci\u00f3n Francesa, M\u00e9xico, Universidad Nacional Aut\u00f3noma-Centro Coordinador y Difusor de Estudios Latinoamericanos, (Serie: Panorama de Nuestra Am\u00e9rica, 4), pp. 7-32.<br \/>\nISBN 9683629687.<\/li>\n<\/ul>\n<ul style=\"text-align: left;\">\n<li><strong>CC:<\/strong> <strong><em>Cartagena de Indias y la Valdivia chilena.<\/em><\/strong><br \/>\n1994, Las Nuevas Poblaciones de Espa\u00f1a y Am\u00e9rica<br \/>\nLa Luisiana-Ca\u00f1ada del Rosal, Ayuntamientos, pp. 353-365.<br \/>\nISBN 84-87826-48-2.<\/li>\n<\/ul>\n<ul style=\"text-align: left;\">\n<li><strong>CC: <em>Santa Mar\u00eda de El Puerto y el continente indiano en el Quinientos: La atracci\u00f3n de una nueva tierra.<\/em> (A)<\/strong><br \/>\n1994, El Puerto, su entorno y Am\u00e9rica. El Puerto de Santa\u00a0 Mar\u00eda, Ayuntamiento, pp. 135-177.<br \/>\nISBN 84-606-1876-5.<\/li>\n<\/ul>\n<ul style=\"text-align: left;\">\n<li><strong>CC: <em>La conformaci\u00f3n de una sociedad mestiza en la \u00e9poca colonial<\/em><\/strong><em>.<\/em><br \/>\n1994, Historia econ\u00f3mica y social del Caribe colombiano, Barranquilla (Colombia),<br \/>\nEdiciones Uninorte, pp. 59-104.<br \/>\nISBN 958-9105-32-7.<\/li>\n<\/ul>\n<ul style=\"text-align: left;\">\n<li><strong>CC: <em>Maestres y pilotos de la bah\u00eda gaditana en la Carrera de Indias hasta 1700. (A)<\/em><\/strong><br \/>\n1994, Andaluc\u00eda y Am\u00e9rica C\u00f3rdoba, Consejer\u00eda de Cultura y Medio Ambiente-Caja de Ahorros, pp. 129-142.<br \/>\nISBN 84-7959-055-6.<\/li>\n<\/ul>\n<ul style=\"text-align: left;\">\n<li><strong>CC:<\/strong> <strong><em>Mentalidad cient\u00edfica y producci\u00f3n agropecuaria: La estrategia de una pol\u00edtica en la Nueva Granada de Carlos III<\/em><\/strong><em>. <strong>(E)<\/strong><\/em><br \/>\n1995, De la Ciencia Ilustrada a la Ciencia Rom\u00e1ntica<br \/>\nMadrid, Ateneo, pp. 247-257.<br \/>\nISBN 84-7405-247-5.<\/li>\n<\/ul>\n<ul style=\"text-align: left;\">\n<li><strong>A: <em>Esclavos y libertos en Cartagena de Indias. S: XVI-XVII.<\/em><\/strong><br \/>\n1995, Temas Americanistas, C\u00e1tedra de H0 de Am\u00e9rica, Sevilla, n12, pp. 1-5.<br \/>\nDep\u00f3sito Legal: SE-536-1982.<\/li>\n<\/ul>\n<ul style=\"text-align: left;\">\n<li><strong>A: <em>Situaci\u00f3n de la encomienda en Cartagena de Indias. 1675.<\/em><\/strong><br \/>\n1995, Anuario de Estudios Americanos, Sevilla, Escuela de Estudios Hispanoamericanos,<br \/>\nvol. LII-2, pp. 235-249.<br \/>\nISSN 0210-5810.<\/li>\n<\/ul>\n<ul style=\"text-align: left;\">\n<li><strong>CC:<\/strong> <strong><em>La fundaci\u00f3n de Las Palmas de Tamalameque: un infierno verde en la Santa Marta del siglo XVI.<\/em><\/strong><br \/>\n1996, XI Coloquio de Historia Canario-Americana (1994), Las Palmas de Gran Canaria, Cabildo Insular, vol. III, pp. 37-57.<br \/>\nISBN 84-8103-141-0.<\/li>\n<\/ul>\n<ul style=\"text-align: left;\">\n<li><strong>CC:<\/strong> <strong><em>Cartagena de Indias en 1633: Perfil de un Grupo de Poder.<\/em><\/strong><br \/>\n1997, Entre Puebla de los Angeles y Sevilla, Estudios\u00a0 Americanistas en homenaje al Dr. Jos\u00e9 Antonio Calder\u00f3n Quijano, Sevilla, E.E.H.A.-Universidad de Sevilla-Facultad de Geograf\u00eda e Historia-Dpto. de Historia de Am\u00e9rica, pp. 303-315.<br \/>\nISBN 84-00-07680-X.<\/li>\n<\/ul>\n<ul style=\"text-align: left;\">\n<li><strong>AC: <em>El Cabildo de Santa Marta en el quinientos: Dominio y supervivencia.<\/em><\/strong><br \/>\n1998, Actas del XI Congreso Internacional de A.H.I.L.A., Liverpool, A.H.I.L.A.-Universidad de Liverpool, vol. II, pp. 349-362,<br \/>\nISBN 090-2806-38-6.<\/li>\n<\/ul>\n<ul style=\"text-align: left;\">\n<li><strong>AC:<\/strong> <strong><em>Mar, r\u00edo y pesca en la Cartagena indiana de 1600.<\/em><\/strong><br \/>\n1999, vol.3, La econom\u00eda mar\u00edtima del Atl\u00e1ntico: pesca, navegaci\u00f3n y comercio<br \/>\nZaragoza, Diputaci\u00f3n General de Arag\u00f3n, pp. 1389-1401.<br \/>\nISBN 84-7753-709-7.<\/li>\n<\/ul>\n<ul style=\"text-align: left;\">\n<li><strong>AC: <em>Urbanismo y poder en la Cartagena indiana de Felipe II<\/em>. (E)<\/strong><br \/>\n2000, vol. II, VIII Congreso Internacional de Historia de Am\u00e9rica (AEA), Las Palmas de Gran Canaria, Cabildo Insular, pp. 913-924.<br \/>\nISBN 84-8103-242-5.<\/li>\n<\/ul>\n<ul style=\"text-align: left;\">\n<li><strong>CC:<\/strong> <strong><em>Norma y planimetr\u00eda. Tradici\u00f3n y modernidad en la Cartagena Indiana del quinientos.<\/em><\/strong><br \/>\n2001, Respirando el Caribe (Memorias de la C\u00e1tedra del Caribe Colombiano), Bogot\u00e1, Observatorio del Caribe Colombiano-Ministerio de Cultura-Universidad del Atl\u00e1ntico, pp. 29-49<br \/>\nISBN 958-8123-17-8.<\/li>\n<\/ul>\n<ul style=\"text-align: left;\">\n<li><strong>CC:<\/strong> <strong><em>Felipe V y Cartagena de Indias: cabildo, crisis y desmembramiento.<\/em><\/strong><br \/>\n2005, \u00c9lites urbanas en Hispanoam\u00e9rica, Sevilla, Universidad de Sevilla, pp. 277-293.<br \/>\nISBN 84-472-0874-5.<\/li>\n<\/ul>\n<ul style=\"text-align: left;\">\n<li><strong>AC:<\/strong> <strong><em>La Guerra de Sucesi\u00f3n y Cartagena de Indias: el poder de una oligarqu\u00eda.<\/em><\/strong><br \/>\n2005, Estudio sobre Am\u00e9rica, siglos XVI \u2013 XX, Asociaci\u00f3n Espa\u00f1ola de Americanistas, pp. 1049-1070.<br \/>\nISBN 84-609-8672-1.<\/li>\n<\/ul>\n<ul style=\"text-align: left;\">\n<li><strong>CC: <em>Cultura y Arte en la Am\u00e9rica Virreinal.<\/em><\/strong><br \/>\n2006, Historia de Am\u00e9rica (coord. Juan Bosco Amores Corredano).<br \/>\nBarcelona, Ariel, pp. 549-573.<br \/>\nISBN 84-344-5211-11.<\/li>\n<\/ul>\n<ul style=\"text-align: left;\">\n<li><strong>A: <em>Impacto de la entronizaci\u00f3n borb\u00f3nica en el Caribe neogranadino.(E)<\/em><\/strong><br \/>\n2007, Sevilla, Temas Americanistas, n 19, p\u00e1gs. 15-25.<br \/>\nISSN 0212-4408.<\/li>\n<\/ul>\n<ul style=\"text-align: left;\">\n<li><strong>A.: <em>Cartagena de Indias y el r\u00edo Magdalena: Una cultura anfibia en el quinientos.<\/em><\/strong><br \/>\n2007, Bogot\u00e1, Bolet\u00edn de Historia y Antig\u00fcedades, n\u00famero 836, p\u00e1gs. 39-58.<br \/>\nISSN 0006-6303.<\/li>\n<\/ul>\n<ul style=\"text-align: left;\">\n<li><strong>CC: <em>Encomienda y poblaci\u00f3n ind\u00edgena en la Provincia de Cartagena a fines del XVI y comienzos del XVII.<\/em><\/strong><br \/>\n2009, Cartagena de Indias en el Siglo XVI (Editores Haroldo Calvo Stevenson y Adolfo Meisel Roca). Cartagena de Indias, Banco de la Rep\u00fablica, p.p. 245-267.<br \/>\nISBN 978-958-664-233-0.<\/li>\n<\/ul>\n<ul style=\"text-align: left;\">\n<li><strong>CC.:<\/strong> <strong><em>La trayectoria urbana de Cartagena de Indias hasta 1586<\/em><\/strong><em>, en autor\u00eda conjunta con <\/em>Sigfrido V\u00e1zquez Cienfuegos y Francisco Muriel Parejo.<br \/>\n2009, Cartagena de Indias en el Siglo XVI (Editores Haroldo Calvo Stevenson y Adolfo Meisel Roca).<br \/>\nCartagena de Indias, Banco de la Rep\u00fablica, p.p. 183-202.<br \/>\nISBN 978-958-664-233-0.<\/li>\n<\/ul>\n<ul style=\"text-align: left;\">\n<li><strong>CL:<\/strong> <strong><em>Etnia, cotidianidad y normativa en la Cartagena indiana del XVI.<\/em><\/strong><br \/>\n2009, El municipio indiano: relaciones inter\u00e9tnicas, econ\u00f3micas y sociales.<br \/>\nSevilla, Universidad p.p. 393-406.<br \/>\nISBN 978-84-472-1195-1.<\/li>\n<\/ul>\n<ul style=\"text-align: left;\">\n<li><strong>CC: <em>Impacto de la entronizaci\u00f3n borb\u00f3nica en las provincias de Santa Marta y Cartagena.(E)<\/em><\/strong><br \/>\n2010, Santa Marta del olvido al recuerdo: Historia econ\u00f3mica y social de m\u00e1s de cuatro siglos (Comp. Jorge El\u00edas Caro). Santa Marta, Universidad del Magdalena \u2013 Facultad de Ciencias Empresariales y Econ\u00f3micas &#8211;\u00a0 Grupo \u201cHistoria Empresarial y Desarrollo Regional\u201d, p.p. 47-62.<br \/>\nISBN 978-958-8320-50-2.<\/li>\n<\/ul>\n<ul style=\"text-align: left;\">\n<li><strong>L: <em>Cartagena de Indias. La andadura de una vida bajo la Colonia<\/em><\/strong> 2010, Bogot\u00e1, El \u00c1ncora Editores, 492 p\u00e1gs. ISBN 978-958-36-0138-5.<\/li>\n<\/ul>\n<ul style=\"text-align: left;\">\n<li><strong>CC: <em>Santa Marta a finales del XVIII: De la nada al ser.<\/em><\/strong><br \/>\n2010, Santa Marta del olvido al recuerdo: Historia econ\u00f3mica y social de m\u00e1s de cuatro siglos (Comp. Jorge El\u00edas Caro). Santa Marta, Universidad del Magdalena \u2013 Facultad de Ciencias Empresariales y Econ\u00f3micas &#8211;\u00a0 Grupo \u201cHistoria Empresarial y Desarrollo Regional\u201d, p.p. 63-88.<br \/>\nISBN 978-958-8320-50-2.<\/li>\n<\/ul>\n<ul style=\"text-align: left;\">\n<li><strong>CC:\u00a0<em>Cultura y Arte en la Am\u00e9rica Virreinal.\u00a0<\/em><\/strong><br \/>\n2012, en la obra \u00abHistoria de Am\u00e9rica\u00bb. Coord. Juan B. Amores Carredano. Pags. 549-571. Ed. Ariel, Barcelona. ISBN 978-84-344-0568-4<\/li>\n<\/ul>\n<ul>\n<li><strong>CC: <em>Getseman\u00ed hacia 1620: un barrio excluso en la Cartagena colonial.\u00a0<\/em><br \/>\n<\/strong> 2013, Deusto.\u00a0Universidad de Deusto. Bilbao<strong>.<\/strong> Asociaci\u00f3n Espa\u00f1ola de Americanistas. Borrego Pl\u00e1, M\u00aa Carmen y V\u00e1zquez Cienfuegos, Sigfrido. pp 523-534. ISBN 978-84-695-7437-9.<\/li>\n<\/ul>\n<ul>\n<li><strong>A: <em>Incidencia de la emancipaci\u00f3n americana en la provincia de C\u00e1diz<\/em>.\u00a0<em>\u00a0<\/em><br \/>\n<\/strong> 2013, Murcia. Universidad de Murcia.\u00a0Asociaci\u00f3n Espa\u00f1ola de Americanistas. ISBN 978-84-15463-8.<\/li>\n<li><strong>CC: Salamanca de la Ramada: del desencanto a la esperanza.<br \/>\n<\/strong> 2018, Colombia. Historia de Santa Marta y el \u00abMagdalena Grande\u00bb. Universidad del Magdalena. Colombia. Coord:\u00a0 Jorge Enrique El\u00edas-Caro y Joaqu\u00edn Viloria de la Hoz. ISBN:\u00a0978-95-87461336.<\/li>\n<\/ul>\n","protected":false},"excerpt":{"rendered":"<p>Detalle de la portada de la obra Cartagena de Indias, la andadura de una vida bajo la Colonia, de M\u00aa del Carmen Borrego Pl\u00e1. Tipos caracter\u00edsticos de la Cartagena colombiana del siglo XVIII. L: Palenques de negros cimarrones en Cartagena de Indias a fines del XVII. (Tesis de Licenciatura de la autora) 1973, Sevilla, Escuela [&hellip;]<\/p>\n","protected":false},"author":1,"featured_media":0,"parent":0,"menu_order":0,"comment_status":"open","ping_status":"open","template":"","meta":[],"_links":{"self":[{"href":"https:\/\/www.carmenborregopla.es\/victoria\/wp-json\/wp\/v2\/pages\/38"}],"collection":[{"href":"https:\/\/www.carmenborregopla.es\/victoria\/wp-json\/wp\/v2\/pages"}],"about":[{"href":"https:\/\/www.carmenborregopla.es\/victoria\/wp-json\/wp\/v2\/types\/page"}],"author":[{"embeddable":true,"href":"https:\/\/www.carmenborregopla.es\/victoria\/wp-json\/wp\/v2\/users\/1"}],"replies":[{"embeddable":true,"href":"https:\/\/www.carmenborregopla.es\/victoria\/wp-json\/wp\/v2\/comments?post=38"}],"version-history":[{"count":41,"href":"https:\/\/www.carmenborregopla.es\/victoria\/wp-json\/wp\/v2\/pages\/38\/revisions"}],"predecessor-version":[{"id":1021,"href":"https:\/\/www.carmenborregopla.es\/victoria\/wp-json\/wp\/v2\/pages\/38\/revisions\/1021"}],"wp:attachment":[{"href":"https:\/\/www.carmenborregopla.es\/victoria\/wp-json\/wp\/v2\/media?parent=38"}],"curies":[{"name":"wp","href":"https:\/\/api.w.org\/{rel}","templated":true}]}}