{"id":25,"date":"2012-07-26T09:57:25","date_gmt":"2012-07-26T09:57:25","guid":{"rendered":"http:\/\/www.carmenborregopla.es\/victoria\/?page_id=25"},"modified":"2012-10-03T11:15:03","modified_gmt":"2012-10-03T11:15:03","slug":"biografia-cientifica","status":"publish","type":"page","link":"https:\/\/www.carmenborregopla.es\/victoria\/biografia-cientifica\/","title":{"rendered":"Biograf\u00eda cient\u00edfica"},"content":{"rendered":"<p style=\"text-align: left;\"><img loading=\"lazy\" class=\"alignleft size-full wp-image-822\" title=\"012b_MCBP\" src=\"http:\/\/www.carmenborregopla.es\/victoria\/wp-content\/uploads\/2012\/07\/012b_MCBP.jpg\" alt=\"\" width=\"710\" height=\"472\" srcset=\"https:\/\/www.carmenborregopla.es\/victoria\/wp-content\/uploads\/2012\/07\/012b_MCBP.jpg 710w, https:\/\/www.carmenborregopla.es\/victoria\/wp-content\/uploads\/2012\/07\/012b_MCBP-300x199.jpg 300w\" sizes=\"(max-width: 710px) 100vw, 710px\" \/><\/p>\n<p>&nbsp;<\/p>\n<p style=\"text-align: left;\">Tras finalizar con un brillante expediente su carrera de Filosof\u00eda y Letras, especialidad Historia de Am\u00e9rica, en la Universidad de Sevilla, \u00a0 a principios de los a\u00f1os 70, inici\u00f3 una fruct\u00edfera trayectoria acad\u00e9mica marcada por tres primeros hitos. En primer lugar, en 1972, la consecuci\u00f3n de su tesis de licenciatura, dirigida por el doctir Luis Navarro Garc\u00eda sobre \u00abPalenques de cimarrones en Cartagena de Indias a finales del XVII\u00bb, que obtuvo la calificaci\u00f3n de sobresaliente por unanimidad. En segundo, en 1979, su tesis doctoral, \u201cCartagena de Indias en el siglo XVI\u201d dirigida igualmente por el doctor Luis Navarro Garc\u00eda, con la que obtuvo una calificaci\u00f3n de sobresaliente cum laude. Y, por \u00faltimo, la obtenci\u00f3n de su\u00a0 plaza como profesora titular del departamento de Historia de Am\u00e9rica de la Facultad de Geograf\u00eda e Historia de la Universidad de Sevilla en 1984, puesto en el que se mantuvo hasta su jubilaci\u00f3n en el a\u00f1o 2008.<\/p>\n<p style=\"text-align: left;\">Destacada y reconocida americanista, autora de cerca de un centenar de publicaciones, ponente m\u00e1s de cincuenta congresos nacionales e internacionales y directora y\/o coordinadora de una decena de cursos y seminarios, la jubilaci\u00f3n no ha reducido en absoluto su actividad investigadora y divulgadora, en la que permanece, con m\u00e1s \u00e9nfasis si cabe, liberada ya de las clases en la facultad, y gracias a la que se pueden encontrar numerosas aportaciones de Maria del Carmen Borrego Pl\u00e1 en los \u00faltimos a\u00f1os.<\/p>\n<p style=\"text-align: left;\">Entre sus l\u00edneas de investigaci\u00f3n cient\u00edfica m\u00e1s relevantes se encuentran:<\/p>\n<ul style=\"text-align: left;\">\n<li>varias relacionadas con la ciudad colombiana de Cartagena de Indias,en la \u00e9poca colonial a la que la profesora Borrego Pl\u00e1 como americanista ha dedicado una importante esfera de su actividad investigadora: <strong>Socioeconom\u00eda en los siglos XVI y XVII<\/strong>, las <strong>\u00c9lites urbanas en la Cartagena de Indias 1700-1750<\/strong> y el <strong>Urbanismo en Cartagena de Indias bajo los Austrias<\/strong>. de la que han surgido numerosos y relevantes t\u00edtulos, con aportaciones constantes durante m\u00e1s de tres d\u00e9cadas\u00a0 sobre la historia, la planimetr\u00eda, la normativa, la socioeconom\u00eda, las \u00e9tnias y la vida cotidiana de esta ciudad.<\/li>\n<li><strong>La Mariner\u00eda oce\u00e1nica en la Edad Moderna, <\/strong>centr\u00e1ndose en figuras como Mart\u00edn Alonso Pinz\u00f3n, Juan Rodr\u00edguez de Fonseca, Pedro Alonso Ni\u00f1o o Fernando de Magallanes, la Universidad de Mareantes de Sevilla o el Seminario de Nautica, igualmente sevillano, de San Telmo, entre otros.<\/li>\n<li><strong>Andaluc\u00eda y la Am\u00e9rica colonial, <\/strong>con estudios sobre la mentalidad y los trasvases e influencias entre ambas sociedades o la conformaci\u00f3n de una sociedad mestiza en la \u00e9poca colonial.<\/li>\n<li><strong>Andaluc\u00eda ante la crisis del 98,\u00a0 <\/strong>con interesantes contribuciones locales, nacionales e indianas ante esa coyuntura cr\u00edtica.<\/li>\n<li><strong>Am\u00e9rica contempor\u00e1nea,<\/strong>\u00a0 aportando su visi\u00f3n a momentos clave como el nacimiento del constitucionalismo.<\/li>\n<li><strong>Santa Marta en la \u00e9poca colonial, <\/strong>de cuya l\u00ednea han surgido numerosas aportaciones sobre \u00a0sociedades encomenderas, encomendadas, poblaci\u00f3n de color, mentalidad olig\u00e1rquica y gestaci\u00f3n de la independencia.<\/li>\n<li><strong>Vitivinicultura en la conquista de Chile, <\/strong>donde destacan sus estudios sobre el protagonismo de Valdivia y sus huestes.<\/li>\n<li>Y<strong> Demograf\u00eda del nuevo Reino de Granada, <\/strong>centr\u00e1ndose en aspectos tributarios, encomiendas y tasaciones, entre otros elementos esenciales.<\/li>\n<li>Menci\u00f3n aparte merece su l\u00ednea de investigaci\u00f3n dedicada a la<strong> Historia del vino de Jerez. <\/strong>El vino de Jerez y su singular y longeva historia de m\u00e1s de dos milenios y la estrecha relaci\u00f3n de la doctora Borrego Pl\u00e1 con el mundo de las bodegas del Marco de Jerez han cosechado un resultado de numerosos\u00a0 y laureados vol\u00famenes que pueden consultarse en el apartado <strong>La cultura del Jerez.<\/strong><\/li>\n<\/ul>\n<p style=\"text-align: left;\">Fuera del \u00e1mbito universitario, la doctora Borrego Pl\u00e1 es autora de numerosos informes de car\u00e1cter t\u00e9cnico y proyectos de investigaci\u00f3n para instituciones tan prestigiosas como el Banco BBVA-Argentaria, la Fundaci\u00f3n Fulbright, el Ministerio de Educaci\u00f3n, la Diputaci\u00f3n Provincial de C\u00e1diz, Canal Sur Televisi\u00f3n o el Consejo Regulador de la Denominaci\u00f3n del Jerez, por poner s\u00f3lo algunos ejemplos.<\/p>\n","protected":false},"excerpt":{"rendered":"<p>&nbsp; Tras finalizar con un brillante expediente su carrera de Filosof\u00eda y Letras, especialidad Historia de Am\u00e9rica, en la Universidad de Sevilla, \u00a0 a principios de los a\u00f1os 70, inici\u00f3 una fruct\u00edfera trayectoria acad\u00e9mica marcada por tres primeros hitos. En primer lugar, en 1972, la consecuci\u00f3n de su tesis de licenciatura, dirigida por el doctir [&hellip;]<\/p>\n","protected":false},"author":1,"featured_media":0,"parent":0,"menu_order":0,"comment_status":"open","ping_status":"open","template":"","meta":[],"_links":{"self":[{"href":"https:\/\/www.carmenborregopla.es\/victoria\/wp-json\/wp\/v2\/pages\/25"}],"collection":[{"href":"https:\/\/www.carmenborregopla.es\/victoria\/wp-json\/wp\/v2\/pages"}],"about":[{"href":"https:\/\/www.carmenborregopla.es\/victoria\/wp-json\/wp\/v2\/types\/page"}],"author":[{"embeddable":true,"href":"https:\/\/www.carmenborregopla.es\/victoria\/wp-json\/wp\/v2\/users\/1"}],"replies":[{"embeddable":true,"href":"https:\/\/www.carmenborregopla.es\/victoria\/wp-json\/wp\/v2\/comments?post=25"}],"version-history":[{"count":42,"href":"https:\/\/www.carmenborregopla.es\/victoria\/wp-json\/wp\/v2\/pages\/25\/revisions"}],"predecessor-version":[{"id":180,"href":"https:\/\/www.carmenborregopla.es\/victoria\/wp-json\/wp\/v2\/pages\/25\/revisions\/180"}],"wp:attachment":[{"href":"https:\/\/www.carmenborregopla.es\/victoria\/wp-json\/wp\/v2\/media?parent=25"}],"curies":[{"name":"wp","href":"https:\/\/api.w.org\/{rel}","templated":true}]}}